{"id":4083,"date":"2022-01-20T08:30:57","date_gmt":"2022-01-20T08:30:57","guid":{"rendered":"https:\/\/imaxilofacial.com\/?page_id=4083"},"modified":"2022-11-03T11:15:35","modified_gmt":"2022-11-03T11:15:35","slug":"tensores-hilos","status":"publish","type":"page","link":"https:\/\/imaxilofacial.com\/pt-pt\/medicina-estetica-facial\/tensores-hilos\/","title":{"rendered":"Roscas de Tens\u00e3o."},"content":{"rendered":"<div class=\"row\"  id=\"row-1388072683\">\n\n\t<div id=\"col-1814448552\" class=\"col medium-1\/3 large-4\"  >\n\t\t\t\t<div class=\"col-inner\"  >\n\t\t\t\n\t\t\t\n<figure id=\"attachment_4085\" aria-describedby=\"caption-attachment-4085\" style=\"width: 300px\" class=\"wp-caption alignleft\"><a href=\"https:\/\/imaxilofacial.com\/wp-content\/uploads\/2017\/07\/nvelle_pose_soft.jpg\"><img loading=\"lazy\" class=\"size-medium wp-image-4085\" src=\"https:\/\/imaxilofacial.com\/wp-content\/uploads\/2017\/07\/nvelle_pose_soft-300x187.jpg\" alt=\"Rejuvenescimento facial sem cirurgia.\" width=\"300\" height=\"187\" srcset=\"https:\/\/imaxilofacial.com\/wp-content\/uploads\/2017\/07\/nvelle_pose_soft-300x187.jpg 300w, https:\/\/imaxilofacial.com\/wp-content\/uploads\/2017\/07\/nvelle_pose_soft-1024x640.jpg 1024w, https:\/\/imaxilofacial.com\/wp-content\/uploads\/2017\/07\/nvelle_pose_soft.jpg 1898w\" sizes=\"(max-width: 300px) 100vw, 300px\" \/><\/a><figcaption id=\"caption-attachment-4085\" class=\"wp-caption-text\">Rejuvenescimento facial sem cirurgia.<\/figcaption><\/figure>\n\t\t<\/div>\n\t\t\t\t\t<\/div>\n\n\t\n\n\t<div id=\"col-1674133775\" class=\"col medium-2\/3 large-8\"  >\n\t\t\t\t<div class=\"col-inner\"  >\n\t\t\t\n\t\t\t\n<blockquote><p>Os fios tensores faciais s\u00e3o indicados para a flacidez moderada dos tecidos moles da regi\u00e3o facial, especialmente na bochecha e na linha do maxilar.<\/p><\/blockquote>\n\t\t<\/div>\n\t\t\t\t\t<\/div>\n\n\t\n<\/div>\n<p>Os fios tensores s\u00e3o feitos de um material reabsorv\u00edvel, pelo que n\u00e3o produzem uma reac\u00e7\u00e3o de corpo estranho ou rejei\u00e7\u00e3o, t\u00eam esp\u00edculas associadas que realizam uma trac\u00e7\u00e3o dos tecidos moles, causando um efeito de eleva\u00e7\u00e3o sobre a express\u00e3o facial. Estes espiculos s\u00e3o  <span lang=\"es\">nas quatro direc\u00e7\u00f5es do fio, resultando num sistema de trac\u00e7\u00e3o muito eficiente. \u00c9 implantado sob a pele sob anestesia local. A instala\u00e7\u00e3o \u00e9 r\u00e1pida e f\u00e1cil. A recupera\u00e7\u00e3o ap\u00f3s o aperto do fio \u00e9 r\u00e1pida e indolor.<\/span><\/p>\n<p>&nbsp;<\/p>\n<figure id=\"attachment_4086\" aria-describedby=\"caption-attachment-4086\" style=\"width: 300px\" class=\"wp-caption aligncenter\"><a href=\"https:\/\/imaxilofacial.com\/wp-content\/uploads\/2017\/07\/QuillSRS.jpg\"><img loading=\"lazy\" class=\"size-medium wp-image-4086\" src=\"https:\/\/imaxilofacial.com\/wp-content\/uploads\/2017\/07\/QuillSRS-300x225.jpg\" alt=\"Esp\u00edculas no fio de trac\u00e7\u00e3o que proporcionam trac\u00e7\u00e3o do tecido mole.\" width=\"300\" height=\"225\" srcset=\"https:\/\/imaxilofacial.com\/wp-content\/uploads\/2017\/07\/QuillSRS-300x225.jpg 300w, https:\/\/imaxilofacial.com\/wp-content\/uploads\/2017\/07\/QuillSRS.jpg 400w\" sizes=\"(max-width: 300px) 100vw, 300px\" \/><\/a><figcaption id=\"caption-attachment-4086\" class=\"wp-caption-text\">Esp\u00edculas no fio de trac\u00e7\u00e3o que proporcionam trac\u00e7\u00e3o do tecido mole.<\/figcaption><\/figure>\n<p>&nbsp;<\/p>\n<p>O seu efeito \u00e9 especialmente marcante para a flacidez que ocorre ao longo dos anos da pele e tecidos moles na crista inferior do maxilar, o que d\u00e1 uma apar\u00eancia cansada e envelhecida ao rosto. \u00c9 importante realizar um estudo facial inicial, onde avaliamos as \u00e1reas que sofrem de flacidez com a idade e a gravidade, para ver o vector de trac\u00e7\u00e3o que devemos dar aos fios tensores, para alcan\u00e7ar o efeito de eleva\u00e7\u00e3o desejado.<span lang=\"es\">A mobilidade muscular \u00e9 mantida durante todo o tratamento e o resultado \u00e9 um efeito natural dado pela elasticidade e flexibilidade do fio.<\/span><\/p>\n<figure id=\"attachment_4087\" aria-describedby=\"caption-attachment-4087\" style=\"width: 300px\" class=\"wp-caption aligncenter\"><a href=\"https:\/\/imaxilofacial.com\/wp-content\/uploads\/2017\/07\/premium-face.jpg\"><img loading=\"lazy\" class=\"size-medium wp-image-4087\" src=\"https:\/\/imaxilofacial.com\/wp-content\/uploads\/2017\/07\/premium-face-300x294.jpg\" alt=\"Vectores de trac\u00e7\u00e3o de tecidos moles para fios de trac\u00e7\u00e3o.\" width=\"300\" height=\"294\" srcset=\"https:\/\/imaxilofacial.com\/wp-content\/uploads\/2017\/07\/premium-face-300x294.jpg 300w, https:\/\/imaxilofacial.com\/wp-content\/uploads\/2017\/07\/premium-face.jpg 740w\" sizes=\"(max-width: 300px) 100vw, 300px\" \/><\/a><figcaption id=\"caption-attachment-4087\" class=\"wp-caption-text\">Vectores de trac\u00e7\u00e3o de tecidos moles para fios de trac\u00e7\u00e3o.<\/figcaption><\/figure>\n<p>Os fios de aperto s\u00e3o colocados sob anestesia local e s\u00e3o indolores, com pouco incha\u00e7o p\u00f3s-operat\u00f3rio. Os resultados do tratamento podem ser vistos logo ap\u00f3s a sua aplica\u00e7\u00e3o. Podemos listar os<span lang=\"es\">benef\u00edcios dos elevadores de linha em compara\u00e7\u00e3o com os elevadores de facetas cir\u00fargicas <\/span> como sendo  <span lang=\"es\">tratamento que \u00e9 realizado num curto intervalo de tempo, o tempo de recupera\u00e7\u00e3o \u00e9 tamb\u00e9m mais r\u00e1pido. N\u00e3o h\u00e1 danos nos tecidos e, portanto, n\u00e3o h\u00e1 cicatrizes. Os fios de aperto n\u00e3o causam altera\u00e7\u00f5es nas caracter\u00edsticas da bochecha, e \u00e9 um tratamento revers\u00edvel.<\/span><\/p>\n<p><iframe loading=\"lazy\" title=\"Hilos Tensores Faciales\" width=\"1020\" height=\"574\" src=\"https:\/\/www.youtube.com\/embed\/4NL6AcfEPdw?feature=oembed\" frameborder=\"0\" allow=\"accelerometer; autoplay; clipboard-write; encrypted-media; gyroscope; picture-in-picture\" allowfullscreen><\/iframe><\/p>\n<p>&nbsp;<\/p>\n<blockquote><p>Se deseja rejuvenescer o seu rosto de forma r\u00e1pida, eficaz e indolor e n\u00e3o deseja ser operado, marque uma consulta no nosso centro, onde especialistas em medicina est\u00e9tica lhe proporcionar\u00e3o uma solu\u00e7\u00e3o adaptada \u00e0s suas necessidades.<\/p><\/blockquote>\n","protected":false},"excerpt":{"rendered":"<p>Os fios tensores s\u00e3o feitos de um material reabsorv\u00edvel, pelo que n\u00e3o produzem uma reac\u00e7\u00e3o de corpo estranho ou rejei\u00e7\u00e3o, t\u00eam esp\u00edculas associadas que realizam uma trac\u00e7\u00e3o dos tecidos moles, causando um efeito de eleva\u00e7\u00e3o sobre a express\u00e3o facial. Estes espiculos s\u00e3o nas quatro direc\u00e7\u00f5es do fio, resultando num sistema de trac\u00e7\u00e3o muito eficiente. \u00c9 [&#8230;]\n","protected":false},"author":2,"featured_media":4085,"parent":4033,"menu_order":0,"comment_status":"closed","ping_status":"closed","template":"page-right-sidebar.php","meta":{"_custom_body_class":"","_custom_post_class":""},"acf":[],"yoast_head":"<!-- This site is optimized with the Yoast SEO plugin v18.4.1 - https:\/\/yoast.com\/wordpress\/plugins\/seo\/ -->\n<title>Roscas de Tens\u00e3o. - Imaxilofacial Badajoz<\/title>\n<meta name=\"description\" content=\"Flacidez Facial, Aperto de Rosca, Eleva\u00e7\u00e3o N\u00e3o Cir\u00fargica, Facelift.\" \/>\n<meta name=\"robots\" content=\"index, follow, max-snippet:-1, max-image-preview:large, max-video-preview:-1\" \/>\n<link rel=\"canonical\" href=\"https:\/\/imaxilofacial.com\/pt-pt\/medicina-estetica-facial\/tensores-hilos\/\" \/>\n<meta property=\"og:locale\" content=\"pt_PT\" \/>\n<meta property=\"og:type\" content=\"article\" \/>\n<meta property=\"og:title\" content=\"Roscas de Tens\u00e3o. - Imaxilofacial Badajoz\" \/>\n<meta property=\"og:description\" content=\"Flacidez Facial, Aperto de Rosca, Eleva\u00e7\u00e3o N\u00e3o Cir\u00fargica, Facelift.\" \/>\n<meta property=\"og:url\" content=\"https:\/\/imaxilofacial.com\/pt-pt\/medicina-estetica-facial\/tensores-hilos\/\" \/>\n<meta property=\"og:site_name\" content=\"Instituto Maxilofacial Portugal\" \/>\n<meta property=\"article:publisher\" content=\"https:\/\/www.facebook.com\/Imaxilofacial-878901768819054\/\" \/>\n<meta property=\"article:modified_time\" content=\"2022-11-03T11:15:35+00:00\" \/>\n<meta property=\"og:image\" content=\"https:\/\/imaxilofacial.com\/wp-content\/uploads\/2017\/07\/nvelle_pose_soft.jpg\" \/>\n\t<meta property=\"og:image:width\" content=\"1898\" \/>\n\t<meta property=\"og:image:height\" content=\"1186\" \/>\n\t<meta property=\"og:image:type\" content=\"image\/jpeg\" \/>\n<meta name=\"twitter:card\" content=\"summary\" \/>\n<meta name=\"twitter:site\" content=\"@BadajozSalud\" \/>\n<meta name=\"twitter:label1\" content=\"Tempo estimado de leitura\" \/>\n\t<meta name=\"twitter:data1\" content=\"2 minutos\" \/>\n<script type=\"application\/ld+json\" class=\"yoast-schema-graph\">{\"@context\":\"https:\/\/schema.org\",\"@graph\":[{\"@type\":\"WebSite\",\"@id\":\"https:\/\/imaxilofacial.com\/#website\",\"url\":\"https:\/\/imaxilofacial.com\/\",\"name\":\"Instituto Maxilofacial Portugal\",\"description\":\"Outro site WordPress\",\"potentialAction\":[{\"@type\":\"SearchAction\",\"target\":{\"@type\":\"EntryPoint\",\"urlTemplate\":\"https:\/\/imaxilofacial.com\/?s={search_term_string}\"},\"query-input\":\"required name=search_term_string\"}],\"inLanguage\":\"pt-PT\"},{\"@type\":\"ImageObject\",\"@id\":\"https:\/\/imaxilofacial.com\/pt-pt\/medicina-estetica-facial\/tensores-hilos\/#primaryimage\",\"inLanguage\":\"pt-PT\",\"url\":\"https:\/\/imaxilofacial.com\/wp-content\/uploads\/2017\/07\/nvelle_pose_soft.jpg\",\"contentUrl\":\"https:\/\/imaxilofacial.com\/wp-content\/uploads\/2017\/07\/nvelle_pose_soft.jpg\",\"width\":1898,\"height\":1186,\"caption\":\"Rejuvenescimento facial sem cirurgia.\"},{\"@type\":\"WebPage\",\"@id\":\"https:\/\/imaxilofacial.com\/pt-pt\/medicina-estetica-facial\/tensores-hilos\/#webpage\",\"url\":\"https:\/\/imaxilofacial.com\/pt-pt\/medicina-estetica-facial\/tensores-hilos\/\",\"name\":\"Roscas de Tens\u00e3o. - Imaxilofacial Badajoz\",\"isPartOf\":{\"@id\":\"https:\/\/imaxilofacial.com\/#website\"},\"primaryImageOfPage\":{\"@id\":\"https:\/\/imaxilofacial.com\/pt-pt\/medicina-estetica-facial\/tensores-hilos\/#primaryimage\"},\"datePublished\":\"2022-01-20T08:30:57+00:00\",\"dateModified\":\"2022-11-03T11:15:35+00:00\",\"description\":\"Flacidez Facial, Aperto de Rosca, Eleva\u00e7\u00e3o N\u00e3o Cir\u00fargica, Facelift.\",\"breadcrumb\":{\"@id\":\"https:\/\/imaxilofacial.com\/pt-pt\/medicina-estetica-facial\/tensores-hilos\/#breadcrumb\"},\"inLanguage\":\"pt-PT\",\"potentialAction\":[{\"@type\":\"ReadAction\",\"target\":[\"https:\/\/imaxilofacial.com\/pt-pt\/medicina-estetica-facial\/tensores-hilos\/\"]}]},{\"@type\":\"BreadcrumbList\",\"@id\":\"https:\/\/imaxilofacial.com\/pt-pt\/medicina-estetica-facial\/tensores-hilos\/#breadcrumb\",\"itemListElement\":[{\"@type\":\"ListItem\",\"position\":1,\"name\":\"Instituto Maxilofacial Badajoz\",\"item\":\"https:\/\/imaxilofacial.com\/pt-pt\/\"},{\"@type\":\"ListItem\",\"position\":2,\"name\":\"Medicina Est\u00e9tica Facial\",\"item\":\"https:\/\/imaxilofacial.com\/pt-pt\/medicina-estetica-facial\/\"},{\"@type\":\"ListItem\",\"position\":3,\"name\":\"Roscas de Tens\u00e3o.\"}]}]}<\/script>\n<!-- \/ Yoast SEO plugin. -->","yoast_head_json":{"title":"Roscas de Tens\u00e3o. - Imaxilofacial Badajoz","description":"Flacidez Facial, Aperto de Rosca, Eleva\u00e7\u00e3o N\u00e3o Cir\u00fargica, Facelift.","robots":{"index":"index","follow":"follow","max-snippet":"max-snippet:-1","max-image-preview":"max-image-preview:large","max-video-preview":"max-video-preview:-1"},"canonical":"https:\/\/imaxilofacial.com\/pt-pt\/medicina-estetica-facial\/tensores-hilos\/","og_locale":"pt_PT","og_type":"article","og_title":"Roscas de Tens\u00e3o. - Imaxilofacial Badajoz","og_description":"Flacidez Facial, Aperto de Rosca, Eleva\u00e7\u00e3o N\u00e3o Cir\u00fargica, Facelift.","og_url":"https:\/\/imaxilofacial.com\/pt-pt\/medicina-estetica-facial\/tensores-hilos\/","og_site_name":"Instituto Maxilofacial Portugal","article_publisher":"https:\/\/www.facebook.com\/Imaxilofacial-878901768819054\/","article_modified_time":"2022-11-03T11:15:35+00:00","og_image":[{"width":1898,"height":1186,"url":"https:\/\/imaxilofacial.com\/wp-content\/uploads\/2017\/07\/nvelle_pose_soft.jpg","type":"image\/jpeg"}],"twitter_card":"summary","twitter_site":"@BadajozSalud","twitter_misc":{"Tempo estimado de leitura":"2 minutos"},"schema":{"@context":"https:\/\/schema.org","@graph":[{"@type":"WebSite","@id":"https:\/\/imaxilofacial.com\/#website","url":"https:\/\/imaxilofacial.com\/","name":"Instituto Maxilofacial Portugal","description":"Outro site WordPress","potentialAction":[{"@type":"SearchAction","target":{"@type":"EntryPoint","urlTemplate":"https:\/\/imaxilofacial.com\/?s={search_term_string}"},"query-input":"required name=search_term_string"}],"inLanguage":"pt-PT"},{"@type":"ImageObject","@id":"https:\/\/imaxilofacial.com\/pt-pt\/medicina-estetica-facial\/tensores-hilos\/#primaryimage","inLanguage":"pt-PT","url":"https:\/\/imaxilofacial.com\/wp-content\/uploads\/2017\/07\/nvelle_pose_soft.jpg","contentUrl":"https:\/\/imaxilofacial.com\/wp-content\/uploads\/2017\/07\/nvelle_pose_soft.jpg","width":1898,"height":1186,"caption":"Rejuvenescimento facial sem cirurgia."},{"@type":"WebPage","@id":"https:\/\/imaxilofacial.com\/pt-pt\/medicina-estetica-facial\/tensores-hilos\/#webpage","url":"https:\/\/imaxilofacial.com\/pt-pt\/medicina-estetica-facial\/tensores-hilos\/","name":"Roscas de Tens\u00e3o. - Imaxilofacial Badajoz","isPartOf":{"@id":"https:\/\/imaxilofacial.com\/#website"},"primaryImageOfPage":{"@id":"https:\/\/imaxilofacial.com\/pt-pt\/medicina-estetica-facial\/tensores-hilos\/#primaryimage"},"datePublished":"2022-01-20T08:30:57+00:00","dateModified":"2022-11-03T11:15:35+00:00","description":"Flacidez Facial, Aperto de Rosca, Eleva\u00e7\u00e3o N\u00e3o Cir\u00fargica, Facelift.","breadcrumb":{"@id":"https:\/\/imaxilofacial.com\/pt-pt\/medicina-estetica-facial\/tensores-hilos\/#breadcrumb"},"inLanguage":"pt-PT","potentialAction":[{"@type":"ReadAction","target":["https:\/\/imaxilofacial.com\/pt-pt\/medicina-estetica-facial\/tensores-hilos\/"]}]},{"@type":"BreadcrumbList","@id":"https:\/\/imaxilofacial.com\/pt-pt\/medicina-estetica-facial\/tensores-hilos\/#breadcrumb","itemListElement":[{"@type":"ListItem","position":1,"name":"Instituto Maxilofacial Badajoz","item":"https:\/\/imaxilofacial.com\/pt-pt\/"},{"@type":"ListItem","position":2,"name":"Medicina Est\u00e9tica Facial","item":"https:\/\/imaxilofacial.com\/pt-pt\/medicina-estetica-facial\/"},{"@type":"ListItem","position":3,"name":"Roscas de Tens\u00e3o."}]}]}},"_links":{"self":[{"href":"https:\/\/imaxilofacial.com\/pt-pt\/wp-json\/wp\/v2\/pages\/4083"}],"collection":[{"href":"https:\/\/imaxilofacial.com\/pt-pt\/wp-json\/wp\/v2\/pages"}],"about":[{"href":"https:\/\/imaxilofacial.com\/pt-pt\/wp-json\/wp\/v2\/types\/page"}],"author":[{"embeddable":true,"href":"https:\/\/imaxilofacial.com\/pt-pt\/wp-json\/wp\/v2\/users\/2"}],"replies":[{"embeddable":true,"href":"https:\/\/imaxilofacial.com\/pt-pt\/wp-json\/wp\/v2\/comments?post=4083"}],"version-history":[{"count":8,"href":"https:\/\/imaxilofacial.com\/pt-pt\/wp-json\/wp\/v2\/pages\/4083\/revisions"}],"predecessor-version":[{"id":5436,"href":"https:\/\/imaxilofacial.com\/pt-pt\/wp-json\/wp\/v2\/pages\/4083\/revisions\/5436"}],"up":[{"embeddable":true,"href":"https:\/\/imaxilofacial.com\/pt-pt\/wp-json\/wp\/v2\/pages\/4033"}],"wp:featuredmedia":[{"embeddable":true,"href":"https:\/\/imaxilofacial.com\/pt-pt\/wp-json\/wp\/v2\/media\/4085"}],"wp:attachment":[{"href":"https:\/\/imaxilofacial.com\/pt-pt\/wp-json\/wp\/v2\/media?parent=4083"}],"curies":[{"name":"wp","href":"https:\/\/api.w.org\/{rel}","templated":true}]}}