{"id":5498,"date":"2022-11-21T20:30:04","date_gmt":"2022-11-21T20:30:04","guid":{"rendered":"https:\/\/imaxilofacial.com\/odontologia\/implantes-dentarios\/carregamento-imediato\/"},"modified":"2022-11-23T19:16:52","modified_gmt":"2022-11-23T19:16:52","slug":"carga-imediata","status":"publish","type":"page","link":"https:\/\/imaxilofacial.com\/pt-pt\/odontologia\/implantes-dentarios\/carga-imediata\/","title":{"rendered":"Carga imediata"},"content":{"rendered":"<p style=\"text-align: left;\">Os implantes dent\u00e1rios tornaram-se uma t\u00e9cnica de rotina e previs\u00edvel e s\u00e3o agora o padr\u00e3o terap\u00eautico para a substitui\u00e7\u00e3o dent\u00e1ria em adultos. Um implante oral osseointegrado \u00e9 ancorado directamente no osso. Uma vez que o implante \u00e9 colocado no osso, \u00e9 habitual esperar por um per\u00edodo vari\u00e1vel de tempo, entre 2-5 meses. Durante este per\u00edodo, ocorre a osseointegra\u00e7\u00e3o do implante. O implante, devido ao crescimento das c\u00e9lulas produtoras de ossos, fixa-se ao osso da mand\u00edbula ou do maxilar superior. No entanto, na presen\u00e7a de movimento sobre o implante, uma interface de tecido mole pode encapsular o implante, causando a sua falha. A superf\u00edcie melhorada do implante resultou numa diminui\u00e7\u00e3o dos tempos de carga convencionais com sucesso compar\u00e1vel ao protocolo padr\u00e3o.<\/p>\n<h1 style=\"text-align: left;\">Estabilidade prim\u00e1ria<\/h1>\n<p style=\"text-align: left;\">O per\u00edodo de maior risco para os implantes \u00e9 entre a segunda e quarta semana ap\u00f3s a coloca\u00e7\u00e3o. Neste per\u00edodo, a estabilidade prim\u00e1ria diminui temporariamente. A estabilidade mec\u00e2nica do implante obtida por aparafusamento ao osso come\u00e7a a diminuir porque os osteoclastos iniciam o processo de reabsor\u00e7\u00e3o \u00f3ssea. A nova forma\u00e7\u00e3o \u00f3ssea, na qual os osteoblastos proporcionam novos contactos \u00f3sseos, n\u00e3o est\u00e1 suficientemente avan\u00e7ada para proporcionar ao implante uma estabilidade secund\u00e1ria elevada. Estudos de an\u00e1lise de frequ\u00eancia de resson\u00e2ncia mostram que os implantes com boa estabilidade inicial mant\u00eam-na durante tr\u00eas a quatro meses ap\u00f3s a coloca\u00e7\u00e3o do implante.6 Os implantes com baixos valores de estabilidade ap\u00f3s o primeiro m\u00eas ou dois de carga imediata t\u00eam um elevado risco de falha.<\/p>\n<p style=\"text-align: left;\">Um certo grau de micromo\u00e7\u00e3o \u00e9 ben\u00e9fico para a estimula\u00e7\u00e3o osteobl\u00e1stica, o osso responde favoravelmente \u00e0 carga compressiva e estudos experimentais encontraram 60-80% de contacto osso-tit\u00e2nio na superf\u00edcie de implantes imediatamente carregados. No entanto, a preven\u00e7\u00e3o da micromo\u00e7\u00e3o \u00e9 fundamental para evitar a forma\u00e7\u00e3o de tecido fibroso em redor do implante, e n\u00e3o deve ser superior a 50 ou 100 \u00b5m, intervalos de movimento superiores a 150 \u00b5m podem comprometer a osseointegra\u00e7\u00e3o.<\/p>\n<p style=\"text-align: left;\">A estabilidade do implante ap\u00f3s a inser\u00e7\u00e3o \u00e9 o factor de sucesso mais importante para a osseointegra\u00e7\u00e3o. A estabilidade prim\u00e1ria dos implantes \u00e9 inicialmente determinada pela densidade \u00f3ssea, estrutura \u00f3ssea trabecular, t\u00e9cnica cir\u00fargica, n\u00famero e desenho dos implantes utilizados e sua distribui\u00e7\u00e3o na arcada dent\u00e1ria. Posteriormente \u00e9 favorecido por um desenho oclusal correcto que controla as cargas mastigat\u00f3rias, a aus\u00eancia de extens\u00f5es e a liga\u00e7\u00e3o r\u00edgida de todos os implantes pela pr\u00f3tese provis\u00f3ria. A densidade e a estrutura trabecular s\u00e3o t\u00e3o importantes como a celularidade do osso que ir\u00e1 albergar os implantes.<\/p>\n","protected":false},"excerpt":{"rendered":"<p>Os implantes dent\u00e1rios tornaram-se uma t\u00e9cnica de rotina e previs\u00edvel e s\u00e3o agora o padr\u00e3o terap\u00eautico para a substitui\u00e7\u00e3o dent\u00e1ria em adultos. Um implante oral osseointegrado \u00e9 ancorado directamente no osso. Uma vez que o implante \u00e9 colocado no osso, \u00e9 habitual esperar por um per\u00edodo vari\u00e1vel de tempo, entre 2-5 meses. Durante este per\u00edodo, [&#8230;]\n","protected":false},"author":2,"featured_media":0,"parent":3907,"menu_order":0,"comment_status":"closed","ping_status":"closed","template":"page-right-sidebar.php","meta":{"_custom_body_class":"","_custom_post_class":""},"acf":[],"yoast_head":"<!-- This site is optimized with the Yoast SEO plugin v18.4.1 - https:\/\/yoast.com\/wordpress\/plugins\/seo\/ -->\n<title>Carga imediata - Imaxilofacial Badajoz<\/title>\n<meta name=\"robots\" content=\"index, follow, max-snippet:-1, max-image-preview:large, max-video-preview:-1\" \/>\n<link rel=\"canonical\" href=\"https:\/\/imaxilofacial.com\/pt-pt\/odontologia\/implantes-dentarios\/carga-imediata\/\" \/>\n<meta property=\"og:locale\" content=\"pt_PT\" \/>\n<meta property=\"og:type\" content=\"article\" \/>\n<meta property=\"og:title\" content=\"Carga imediata - Imaxilofacial Badajoz\" \/>\n<meta property=\"og:description\" content=\"Os implantes dent\u00e1rios tornaram-se uma t\u00e9cnica de rotina e previs\u00edvel e s\u00e3o agora o padr\u00e3o terap\u00eautico para a substitui\u00e7\u00e3o dent\u00e1ria em adultos. Um implante oral osseointegrado \u00e9 ancorado directamente no osso. Uma vez que o implante \u00e9 colocado no osso, \u00e9 habitual esperar por um per\u00edodo vari\u00e1vel de tempo, entre 2-5 meses. Durante este per\u00edodo, [...]\" \/>\n<meta property=\"og:url\" content=\"https:\/\/imaxilofacial.com\/pt-pt\/odontologia\/implantes-dentarios\/carga-imediata\/\" \/>\n<meta property=\"og:site_name\" content=\"Instituto Maxilofacial Portugal\" \/>\n<meta property=\"article:publisher\" content=\"https:\/\/www.facebook.com\/Imaxilofacial-878901768819054\/\" \/>\n<meta property=\"article:modified_time\" content=\"2022-11-23T19:16:52+00:00\" \/>\n<meta name=\"twitter:card\" content=\"summary\" \/>\n<meta name=\"twitter:site\" content=\"@BadajozSalud\" \/>\n<meta name=\"twitter:label1\" content=\"Tempo estimado de leitura\" \/>\n\t<meta name=\"twitter:data1\" content=\"2 minutos\" \/>\n<script type=\"application\/ld+json\" class=\"yoast-schema-graph\">{\"@context\":\"https:\/\/schema.org\",\"@graph\":[{\"@type\":\"WebSite\",\"@id\":\"https:\/\/imaxilofacial.com\/#website\",\"url\":\"https:\/\/imaxilofacial.com\/\",\"name\":\"Instituto Maxilofacial Portugal\",\"description\":\"Outro site WordPress\",\"potentialAction\":[{\"@type\":\"SearchAction\",\"target\":{\"@type\":\"EntryPoint\",\"urlTemplate\":\"https:\/\/imaxilofacial.com\/?s={search_term_string}\"},\"query-input\":\"required name=search_term_string\"}],\"inLanguage\":\"pt-PT\"},{\"@type\":\"WebPage\",\"@id\":\"https:\/\/imaxilofacial.com\/pt-pt\/odontologia\/implantes-dentarios\/carga-imediata\/#webpage\",\"url\":\"https:\/\/imaxilofacial.com\/pt-pt\/odontologia\/implantes-dentarios\/carga-imediata\/\",\"name\":\"Carga imediata - Imaxilofacial Badajoz\",\"isPartOf\":{\"@id\":\"https:\/\/imaxilofacial.com\/#website\"},\"datePublished\":\"2022-11-21T20:30:04+00:00\",\"dateModified\":\"2022-11-23T19:16:52+00:00\",\"breadcrumb\":{\"@id\":\"https:\/\/imaxilofacial.com\/pt-pt\/odontologia\/implantes-dentarios\/carga-imediata\/#breadcrumb\"},\"inLanguage\":\"pt-PT\",\"potentialAction\":[{\"@type\":\"ReadAction\",\"target\":[\"https:\/\/imaxilofacial.com\/pt-pt\/odontologia\/implantes-dentarios\/carga-imediata\/\"]}]},{\"@type\":\"BreadcrumbList\",\"@id\":\"https:\/\/imaxilofacial.com\/pt-pt\/odontologia\/implantes-dentarios\/carga-imediata\/#breadcrumb\",\"itemListElement\":[{\"@type\":\"ListItem\",\"position\":1,\"name\":\"Instituto Maxilofacial Badajoz\",\"item\":\"https:\/\/imaxilofacial.com\/pt-pt\/\"},{\"@type\":\"ListItem\",\"position\":2,\"name\":\"Odontolog\u00eda\",\"item\":\"https:\/\/imaxilofacial.com\/pt-pt\/odontologia\/\"},{\"@type\":\"ListItem\",\"position\":3,\"name\":\"Implantes Dentales\",\"item\":\"https:\/\/imaxilofacial.com\/pt-pt\/odontologia\/implantes-dentarios\/\"},{\"@type\":\"ListItem\",\"position\":4,\"name\":\"Carga imediata\"}]}]}<\/script>\n<!-- \/ Yoast SEO plugin. -->","yoast_head_json":{"title":"Carga imediata - Imaxilofacial Badajoz","robots":{"index":"index","follow":"follow","max-snippet":"max-snippet:-1","max-image-preview":"max-image-preview:large","max-video-preview":"max-video-preview:-1"},"canonical":"https:\/\/imaxilofacial.com\/pt-pt\/odontologia\/implantes-dentarios\/carga-imediata\/","og_locale":"pt_PT","og_type":"article","og_title":"Carga imediata - Imaxilofacial Badajoz","og_description":"Os implantes dent\u00e1rios tornaram-se uma t\u00e9cnica de rotina e previs\u00edvel e s\u00e3o agora o padr\u00e3o terap\u00eautico para a substitui\u00e7\u00e3o dent\u00e1ria em adultos. Um implante oral osseointegrado \u00e9 ancorado directamente no osso. Uma vez que o implante \u00e9 colocado no osso, \u00e9 habitual esperar por um per\u00edodo vari\u00e1vel de tempo, entre 2-5 meses. Durante este per\u00edodo, [...]","og_url":"https:\/\/imaxilofacial.com\/pt-pt\/odontologia\/implantes-dentarios\/carga-imediata\/","og_site_name":"Instituto Maxilofacial Portugal","article_publisher":"https:\/\/www.facebook.com\/Imaxilofacial-878901768819054\/","article_modified_time":"2022-11-23T19:16:52+00:00","twitter_card":"summary","twitter_site":"@BadajozSalud","twitter_misc":{"Tempo estimado de leitura":"2 minutos"},"schema":{"@context":"https:\/\/schema.org","@graph":[{"@type":"WebSite","@id":"https:\/\/imaxilofacial.com\/#website","url":"https:\/\/imaxilofacial.com\/","name":"Instituto Maxilofacial Portugal","description":"Outro site WordPress","potentialAction":[{"@type":"SearchAction","target":{"@type":"EntryPoint","urlTemplate":"https:\/\/imaxilofacial.com\/?s={search_term_string}"},"query-input":"required name=search_term_string"}],"inLanguage":"pt-PT"},{"@type":"WebPage","@id":"https:\/\/imaxilofacial.com\/pt-pt\/odontologia\/implantes-dentarios\/carga-imediata\/#webpage","url":"https:\/\/imaxilofacial.com\/pt-pt\/odontologia\/implantes-dentarios\/carga-imediata\/","name":"Carga imediata - Imaxilofacial Badajoz","isPartOf":{"@id":"https:\/\/imaxilofacial.com\/#website"},"datePublished":"2022-11-21T20:30:04+00:00","dateModified":"2022-11-23T19:16:52+00:00","breadcrumb":{"@id":"https:\/\/imaxilofacial.com\/pt-pt\/odontologia\/implantes-dentarios\/carga-imediata\/#breadcrumb"},"inLanguage":"pt-PT","potentialAction":[{"@type":"ReadAction","target":["https:\/\/imaxilofacial.com\/pt-pt\/odontologia\/implantes-dentarios\/carga-imediata\/"]}]},{"@type":"BreadcrumbList","@id":"https:\/\/imaxilofacial.com\/pt-pt\/odontologia\/implantes-dentarios\/carga-imediata\/#breadcrumb","itemListElement":[{"@type":"ListItem","position":1,"name":"Instituto Maxilofacial Badajoz","item":"https:\/\/imaxilofacial.com\/pt-pt\/"},{"@type":"ListItem","position":2,"name":"Odontolog\u00eda","item":"https:\/\/imaxilofacial.com\/pt-pt\/odontologia\/"},{"@type":"ListItem","position":3,"name":"Implantes Dentales","item":"https:\/\/imaxilofacial.com\/pt-pt\/odontologia\/implantes-dentarios\/"},{"@type":"ListItem","position":4,"name":"Carga imediata"}]}]}},"_links":{"self":[{"href":"https:\/\/imaxilofacial.com\/pt-pt\/wp-json\/wp\/v2\/pages\/5498"}],"collection":[{"href":"https:\/\/imaxilofacial.com\/pt-pt\/wp-json\/wp\/v2\/pages"}],"about":[{"href":"https:\/\/imaxilofacial.com\/pt-pt\/wp-json\/wp\/v2\/types\/page"}],"author":[{"embeddable":true,"href":"https:\/\/imaxilofacial.com\/pt-pt\/wp-json\/wp\/v2\/users\/2"}],"replies":[{"embeddable":true,"href":"https:\/\/imaxilofacial.com\/pt-pt\/wp-json\/wp\/v2\/comments?post=5498"}],"version-history":[{"count":5,"href":"https:\/\/imaxilofacial.com\/pt-pt\/wp-json\/wp\/v2\/pages\/5498\/revisions"}],"predecessor-version":[{"id":5524,"href":"https:\/\/imaxilofacial.com\/pt-pt\/wp-json\/wp\/v2\/pages\/5498\/revisions\/5524"}],"up":[{"embeddable":true,"href":"https:\/\/imaxilofacial.com\/pt-pt\/wp-json\/wp\/v2\/pages\/3907"}],"wp:attachment":[{"href":"https:\/\/imaxilofacial.com\/pt-pt\/wp-json\/wp\/v2\/media?parent=5498"}],"curies":[{"name":"wp","href":"https:\/\/api.w.org\/{rel}","templated":true}]}}